{"id":841,"date":"2020-01-28T15:20:19","date_gmt":"2020-01-28T14:20:19","guid":{"rendered":"https:\/\/www.mediatirol.at\/rochelt\/rochelt-tiroler-schnapsbrennerei\/"},"modified":"2026-03-18T08:10:36","modified_gmt":"2026-03-18T07:10:36","slug":"rochelt-tiroler-schnapsbrennerei","status":"publish","type":"page","link":"https:\/\/www.rochelt.com\/fr\/","title":{"rendered":"Rochelt &#8211; La Distillerie artisanale du tyrol"},"content":{"rendered":"<div id=\"modal-ready\">\n<div style=\"height:10px\" aria-hidden=\"true\" class=\"wp-block-spacer\"><\/div>\n\n\n\n<h2 class=\"wp-block-heading\">Une deuxi\u00e8me g\u00e9n\u00e9ration anim\u00e9e d\u2019une passion commune<\/h2>\n\n\n\n<p style=\"font-size:22px\">Ce qui\navait commenc\u00e9 dans un garage du Tyrol gr\u00e2ce \u00e0 la vision de G\u00fcnter Rochelt est\n\u00e0 pr\u00e9sent une distillerie dirig\u00e9e par la deuxi\u00e8me g\u00e9n\u00e9ration, avec toujours la\nm\u00eame exigence : cr\u00e9er la meilleure eau-de-vie possible.<\/p>\n\n\n\n<figure class=\"wp-block-image alignwide size-large\"><img loading=\"lazy\" decoding=\"async\" width=\"1024\" height=\"512\" src=\"https:\/\/www.rochelt.com\/wp-content\/uploads\/2020\/06\/rochelt-start-familie_1024_512_01.jpg\" alt=\"\" class=\"wp-image-1981\" srcset=\"https:\/\/www.rochelt.com\/wp-content\/uploads\/2020\/06\/rochelt-start-familie_1024_512_01.jpg 1024w, https:\/\/www.rochelt.com\/wp-content\/uploads\/2020\/06\/rochelt-start-familie_1024_512_01-300x150.jpg 300w, https:\/\/www.rochelt.com\/wp-content\/uploads\/2020\/06\/rochelt-start-familie_1024_512_01-768x384.jpg 768w\" sizes=\"auto, (max-width: 1024px) 100vw, 1024px\" \/><\/figure>\n\n\n\n<p style=\"font-size:22px\">Notre distillerie c\u00e9l\u00e8bre la tradition et la culture tyroliennes de l\u2019eau-de-vie et \u00e9labore des produits raffin\u00e9s qui s\u2019inscrivent dans un art de vivre cultiv\u00e9. De la s\u00e9lection minutieuse de nos fruits \u00e0 l\u2019affinage attentionn\u00e9 de chaque eau-de-vie, sans oublier la cr\u00e9ation par un orf\u00e8vre d\u2019un bouchon r\u00e9alis\u00e9 sur mesure pour chacune d\u2019entre elles&nbsp;: notre obsession du d\u00e9tail ne souffre pas de compromis.<\/p>\n\n\n\n<figure class=\"wp-block-image alignwide size-large\"><img loading=\"lazy\" decoding=\"async\" width=\"1024\" height=\"512\" src=\"https:\/\/www.rochelt.com\/wp-content\/uploads\/2020\/06\/rochelt-start-falschen_1024_512_01.jpg\" alt=\"\" class=\"wp-image-1978\" srcset=\"https:\/\/www.rochelt.com\/wp-content\/uploads\/2020\/06\/rochelt-start-falschen_1024_512_01.jpg 1024w, https:\/\/www.rochelt.com\/wp-content\/uploads\/2020\/06\/rochelt-start-falschen_1024_512_01-300x150.jpg 300w, https:\/\/www.rochelt.com\/wp-content\/uploads\/2020\/06\/rochelt-start-falschen_1024_512_01-768x384.jpg 768w\" sizes=\"auto, (max-width: 1024px) 100vw, 1024px\" \/><\/figure>\n\n\n\n\n\n\n\n<div class=\"abstand-linie\">\n\t<span><\/span>\n<\/div>\n\n\n\n\n\n\n\n\n\n\n<div class=\"wp-block-image div-ohnerand\">\n<figure class=\"aligncenter size-full\"><a href=\"https:\/\/www.nytimes.com\/2024\/01\/22\/travel\/austria-winter-tour-schnapps.html?unlocked_article_code=1.Pk0.4c_h.6_EQxQ2Vhxt2&amp;smid=url-share\" target=\"_blank\" rel=\"noreferrer noopener\"><img loading=\"lazy\" decoding=\"async\" width=\"300\" height=\"58\" src=\"https:\/\/www.rochelt.com\/wp-content\/uploads\/2024\/03\/New_york_times_logo_300_px.gif\" alt=\"\" class=\"wp-image-3538\"\/><\/a><\/figure><\/div>\n\n\n<p class=\"has-medium-font-size\">Snowy Peaks, Rushing Rivers and Schnapps<br>to Warm Your Soul (Jan. 22, 2024)<\/p>\n\n\n\n<p>\u00ab\u00a0When winter arrives in western Austria and the sun disappears all too quickly behind the snow-capped Alps, you can stand in bare orchards and still taste the sun-ripened fruit that the trees once bore \u2014 just sip a glass of schnapps \u2026\u00a0\u00bb<\/p>\n\n\n\n<p class=\"tx-link-gruen-01 has-medium-font-size\"><a href=\"https:\/\/www.nytimes.com\/2024\/01\/22\/travel\/austria-winter-tour-schnapps.html?unlocked_article_code=1.Pk0.4c_h.6_EQxQ2Vhxt2&amp;smid=url-share\" target=\"_blank\" rel=\"noreferrer noopener\">D\u00e9couvrir l\u2019article du NYT  ><\/a><\/p>\n\n\n\n\n\n\n\n<div class=\"abstand-linie\">\n\t<span><\/span>\n<\/div>\n\n\n\n\n\n\n\n\n\n\n\n<p><\/p>\n<\/div>","protected":false},"excerpt":{"rendered":"<p>Une deuxi\u00e8me g\u00e9n\u00e9ration anim\u00e9e d\u2019une passion commune Ce qui avait commenc\u00e9 dans un garage du Tyrol gr\u00e2ce \u00e0 la vision de G\u00fcnter Rochelt est \u00e0 pr\u00e9sent une distillerie dirig\u00e9e par la deuxi\u00e8me g\u00e9n\u00e9ration, avec toujours la m\u00eame exigence : cr\u00e9er la meilleure eau-de-vie possible. Notre distillerie c\u00e9l\u00e8bre la tradition et la culture tyroliennes de l\u2019eau-de-vie &hellip;<\/p>\n","protected":false},"author":2,"featured_media":0,"parent":0,"menu_order":0,"comment_status":"closed","ping_status":"closed","template":"templates\/startseite.php","meta":{"_acf_changed":false,"footnotes":""},"class_list":["post-841","page","type-page","status-publish","hentry"],"acf":[],"yoast_head":"<!-- This site is optimized with the Yoast SEO plugin v26.5 - https:\/\/yoast.com\/wordpress\/plugins\/seo\/ -->\n<title>Rochelt - La Distillerie artisanale du tyrol - Rochelt<\/title>\n<meta name=\"robots\" content=\"index, follow, max-snippet:-1, max-image-preview:large, max-video-preview:-1\" \/>\n<link rel=\"canonical\" href=\"https:\/\/www.rochelt.com\/fr\/\" \/>\n<meta property=\"og:locale\" content=\"fr_FR\" \/>\n<meta property=\"og:type\" content=\"article\" \/>\n<meta property=\"og:title\" content=\"Rochelt - La Distillerie artisanale du tyrol - Rochelt\" \/>\n<meta property=\"og:description\" content=\"Une deuxi\u00e8me g\u00e9n\u00e9ration anim\u00e9e d\u2019une passion commune Ce qui avait commenc\u00e9 dans un garage du Tyrol gr\u00e2ce \u00e0 la vision de G\u00fcnter Rochelt est \u00e0 pr\u00e9sent une distillerie dirig\u00e9e par la deuxi\u00e8me g\u00e9n\u00e9ration, avec toujours la m\u00eame exigence : cr\u00e9er la meilleure eau-de-vie possible. Notre distillerie c\u00e9l\u00e8bre la tradition et la culture tyroliennes de l\u2019eau-de-vie &hellip;\" \/>\n<meta property=\"og:url\" content=\"https:\/\/www.rochelt.com\/fr\/\" \/>\n<meta property=\"og:site_name\" content=\"Rochelt\" \/>\n<meta property=\"article:modified_time\" content=\"2026-03-18T07:10:36+00:00\" \/>\n<meta property=\"og:image\" content=\"https:\/\/www.rochelt.com\/wp-content\/uploads\/2020\/06\/rochelt-start-familie_1024_512_01.jpg\" \/>\n\t<meta property=\"og:image:width\" content=\"1024\" \/>\n\t<meta property=\"og:image:height\" content=\"512\" \/>\n\t<meta property=\"og:image:type\" content=\"image\/jpeg\" \/>\n<meta name=\"twitter:card\" content=\"summary_large_image\" \/>\n<meta name=\"twitter:label1\" content=\"Dur\u00e9e de lecture estim\u00e9e\" \/>\n\t<meta name=\"twitter:data1\" content=\"2 minutes\" \/>\n<script type=\"application\/ld+json\" class=\"yoast-schema-graph\">{\"@context\":\"https:\/\/schema.org\",\"@graph\":[{\"@type\":\"WebPage\",\"@id\":\"https:\/\/www.rochelt.com\/fr\/\",\"url\":\"https:\/\/www.rochelt.com\/fr\/\",\"name\":\"Rochelt - La Distillerie artisanale du tyrol - Rochelt\",\"isPartOf\":{\"@id\":\"https:\/\/www.rochelt.com\/#website\"},\"primaryImageOfPage\":{\"@id\":\"https:\/\/www.rochelt.com\/fr\/#primaryimage\"},\"image\":{\"@id\":\"https:\/\/www.rochelt.com\/fr\/#primaryimage\"},\"thumbnailUrl\":\"https:\/\/www.rochelt.com\/wp-content\/uploads\/2020\/06\/rochelt-start-familie_1024_512_01.jpg\",\"datePublished\":\"2020-01-28T14:20:19+00:00\",\"dateModified\":\"2026-03-18T07:10:36+00:00\",\"breadcrumb\":{\"@id\":\"https:\/\/www.rochelt.com\/fr\/#breadcrumb\"},\"inLanguage\":\"fr-FR\",\"potentialAction\":[{\"@type\":\"ReadAction\",\"target\":[\"https:\/\/www.rochelt.com\/fr\/\"]}]},{\"@type\":\"ImageObject\",\"inLanguage\":\"fr-FR\",\"@id\":\"https:\/\/www.rochelt.com\/fr\/#primaryimage\",\"url\":\"https:\/\/www.rochelt.com\/wp-content\/uploads\/2020\/06\/rochelt-start-familie_1024_512_01.jpg\",\"contentUrl\":\"https:\/\/www.rochelt.com\/wp-content\/uploads\/2020\/06\/rochelt-start-familie_1024_512_01.jpg\"},{\"@type\":\"BreadcrumbList\",\"@id\":\"https:\/\/www.rochelt.com\/fr\/#breadcrumb\",\"itemListElement\":[{\"@type\":\"ListItem\",\"position\":1,\"name\":\"Startseite\",\"item\":\"https:\/\/www.rochelt.com\/fr\/\"},{\"@type\":\"ListItem\",\"position\":2,\"name\":\"Rochelt &#8211; La Distillerie artisanale du tyrol\"}]},{\"@type\":\"WebSite\",\"@id\":\"https:\/\/www.rochelt.com\/#website\",\"url\":\"https:\/\/www.rochelt.com\/\",\"name\":\"Rochelt\",\"description\":\"Tiroler Schnapsbrennerei\",\"publisher\":{\"@id\":\"https:\/\/www.rochelt.com\/#organization\"},\"potentialAction\":[{\"@type\":\"SearchAction\",\"target\":{\"@type\":\"EntryPoint\",\"urlTemplate\":\"https:\/\/www.rochelt.com\/?s={search_term_string}\"},\"query-input\":{\"@type\":\"PropertyValueSpecification\",\"valueRequired\":true,\"valueName\":\"search_term_string\"}}],\"inLanguage\":\"fr-FR\"},{\"@type\":\"Organization\",\"@id\":\"https:\/\/www.rochelt.com\/#organization\",\"name\":\"Rochelt\",\"url\":\"https:\/\/www.rochelt.com\/\",\"logo\":{\"@type\":\"ImageObject\",\"inLanguage\":\"fr-FR\",\"@id\":\"https:\/\/www.rochelt.com\/#\/schema\/logo\/image\/\",\"url\":\"https:\/\/www.rochelt.com\/wp-content\/uploads\/2020\/01\/rochelt-logo-schriftzug-weiss.png\",\"contentUrl\":\"https:\/\/www.rochelt.com\/wp-content\/uploads\/2020\/01\/rochelt-logo-schriftzug-weiss.png\",\"width\":830,\"height\":133,\"caption\":\"Rochelt\"},\"image\":{\"@id\":\"https:\/\/www.rochelt.com\/#\/schema\/logo\/image\/\"}}]}<\/script>\n<!-- \/ Yoast SEO plugin. -->","yoast_head_json":{"title":"Rochelt - La Distillerie artisanale du tyrol - Rochelt","robots":{"index":"index","follow":"follow","max-snippet":"max-snippet:-1","max-image-preview":"max-image-preview:large","max-video-preview":"max-video-preview:-1"},"canonical":"https:\/\/www.rochelt.com\/fr\/","og_locale":"fr_FR","og_type":"article","og_title":"Rochelt - La Distillerie artisanale du tyrol - Rochelt","og_description":"Une deuxi\u00e8me g\u00e9n\u00e9ration anim\u00e9e d\u2019une passion commune Ce qui avait commenc\u00e9 dans un garage du Tyrol gr\u00e2ce \u00e0 la vision de G\u00fcnter Rochelt est \u00e0 pr\u00e9sent une distillerie dirig\u00e9e par la deuxi\u00e8me g\u00e9n\u00e9ration, avec toujours la m\u00eame exigence : cr\u00e9er la meilleure eau-de-vie possible. Notre distillerie c\u00e9l\u00e8bre la tradition et la culture tyroliennes de l\u2019eau-de-vie &hellip;","og_url":"https:\/\/www.rochelt.com\/fr\/","og_site_name":"Rochelt","article_modified_time":"2026-03-18T07:10:36+00:00","og_image":[{"width":1024,"height":512,"url":"https:\/\/www.rochelt.com\/wp-content\/uploads\/2020\/06\/rochelt-start-familie_1024_512_01.jpg","type":"image\/jpeg"}],"twitter_card":"summary_large_image","twitter_misc":{"Dur\u00e9e de lecture estim\u00e9e":"2 minutes"},"schema":{"@context":"https:\/\/schema.org","@graph":[{"@type":"WebPage","@id":"https:\/\/www.rochelt.com\/fr\/","url":"https:\/\/www.rochelt.com\/fr\/","name":"Rochelt - La Distillerie artisanale du tyrol - Rochelt","isPartOf":{"@id":"https:\/\/www.rochelt.com\/#website"},"primaryImageOfPage":{"@id":"https:\/\/www.rochelt.com\/fr\/#primaryimage"},"image":{"@id":"https:\/\/www.rochelt.com\/fr\/#primaryimage"},"thumbnailUrl":"https:\/\/www.rochelt.com\/wp-content\/uploads\/2020\/06\/rochelt-start-familie_1024_512_01.jpg","datePublished":"2020-01-28T14:20:19+00:00","dateModified":"2026-03-18T07:10:36+00:00","breadcrumb":{"@id":"https:\/\/www.rochelt.com\/fr\/#breadcrumb"},"inLanguage":"fr-FR","potentialAction":[{"@type":"ReadAction","target":["https:\/\/www.rochelt.com\/fr\/"]}]},{"@type":"ImageObject","inLanguage":"fr-FR","@id":"https:\/\/www.rochelt.com\/fr\/#primaryimage","url":"https:\/\/www.rochelt.com\/wp-content\/uploads\/2020\/06\/rochelt-start-familie_1024_512_01.jpg","contentUrl":"https:\/\/www.rochelt.com\/wp-content\/uploads\/2020\/06\/rochelt-start-familie_1024_512_01.jpg"},{"@type":"BreadcrumbList","@id":"https:\/\/www.rochelt.com\/fr\/#breadcrumb","itemListElement":[{"@type":"ListItem","position":1,"name":"Startseite","item":"https:\/\/www.rochelt.com\/fr\/"},{"@type":"ListItem","position":2,"name":"Rochelt &#8211; La Distillerie artisanale du tyrol"}]},{"@type":"WebSite","@id":"https:\/\/www.rochelt.com\/#website","url":"https:\/\/www.rochelt.com\/","name":"Rochelt","description":"Tiroler Schnapsbrennerei","publisher":{"@id":"https:\/\/www.rochelt.com\/#organization"},"potentialAction":[{"@type":"SearchAction","target":{"@type":"EntryPoint","urlTemplate":"https:\/\/www.rochelt.com\/?s={search_term_string}"},"query-input":{"@type":"PropertyValueSpecification","valueRequired":true,"valueName":"search_term_string"}}],"inLanguage":"fr-FR"},{"@type":"Organization","@id":"https:\/\/www.rochelt.com\/#organization","name":"Rochelt","url":"https:\/\/www.rochelt.com\/","logo":{"@type":"ImageObject","inLanguage":"fr-FR","@id":"https:\/\/www.rochelt.com\/#\/schema\/logo\/image\/","url":"https:\/\/www.rochelt.com\/wp-content\/uploads\/2020\/01\/rochelt-logo-schriftzug-weiss.png","contentUrl":"https:\/\/www.rochelt.com\/wp-content\/uploads\/2020\/01\/rochelt-logo-schriftzug-weiss.png","width":830,"height":133,"caption":"Rochelt"},"image":{"@id":"https:\/\/www.rochelt.com\/#\/schema\/logo\/image\/"}}]}},"_links":{"self":[{"href":"https:\/\/www.rochelt.com\/fr\/wp-json\/wp\/v2\/pages\/841","targetHints":{"allow":["GET"]}}],"collection":[{"href":"https:\/\/www.rochelt.com\/fr\/wp-json\/wp\/v2\/pages"}],"about":[{"href":"https:\/\/www.rochelt.com\/fr\/wp-json\/wp\/v2\/types\/page"}],"author":[{"embeddable":true,"href":"https:\/\/www.rochelt.com\/fr\/wp-json\/wp\/v2\/users\/2"}],"replies":[{"embeddable":true,"href":"https:\/\/www.rochelt.com\/fr\/wp-json\/wp\/v2\/comments?post=841"}],"version-history":[{"count":45,"href":"https:\/\/www.rochelt.com\/fr\/wp-json\/wp\/v2\/pages\/841\/revisions"}],"predecessor-version":[{"id":3773,"href":"https:\/\/www.rochelt.com\/fr\/wp-json\/wp\/v2\/pages\/841\/revisions\/3773"}],"wp:attachment":[{"href":"https:\/\/www.rochelt.com\/fr\/wp-json\/wp\/v2\/media?parent=841"}],"curies":[{"name":"wp","href":"https:\/\/api.w.org\/{rel}","templated":true}]}}